{"id":12781,"date":"2025-03-19T16:58:06","date_gmt":"2025-03-19T14:58:06","guid":{"rendered":"https:\/\/brenneroutlet.com\/news\/"},"modified":"2025-08-27T09:35:48","modified_gmt":"2025-08-27T07:35:48","slug":"news","status":"publish","type":"page","link":"https:\/\/brenneroutlet.com\/de\/news\/","title":{"rendered":"News"},"content":{"rendered":"\t\t<div data-elementor-type=\"wp-page\" data-elementor-id=\"12781\" class=\"elementor elementor-12781 elementor-3857\" data-elementor-post-type=\"page\">\n\t\t\t\t<div class=\"elementor-element elementor-element-2fe428ba e-flex e-con-boxed e-con e-parent\" data-id=\"2fe428ba\" data-element_type=\"container\" data-settings=\"{&quot;background_background&quot;:&quot;classic&quot;,&quot;wcf_enable_pin_area&quot;:&quot;yes&quot;,&quot;wcf_enable_cursor_hover_effect_text&quot;:&quot;View&quot;,&quot;wcf-animation&quot;:&quot;none&quot;,&quot;wcf_pin_status&quot;:&quot;true&quot;,&quot;wcf_pin_spacing&quot;:&quot;false&quot;,&quot;wcf_pin_type&quot;:&quot;transform&quot;,&quot;wcf_pin_scrub&quot;:&quot;false&quot;,&quot;wcf_pin_markers&quot;:&quot;false&quot;,&quot;wcf_pin_area_start&quot;:&quot;top top&quot;,&quot;wcf_pin_area_end&quot;:&quot;bottom top&quot;,&quot;wcf_pin_breakpoint&quot;:&quot;mobile&quot;}\">\n\t\t\t\t\t<div class=\"e-con-inner\">\n\t\t\t\t\t<\/div>\n\t\t\t\t<\/div>\n\t\t<div class=\"elementor-element elementor-element-765ab91 e-flex e-con-boxed e-con e-child\" data-id=\"765ab91\" data-element_type=\"container\" data-settings=\"{&quot;wcf_enable_cursor_hover_effect_text&quot;:&quot;View&quot;,&quot;background_background&quot;:&quot;classic&quot;,&quot;wcf-animation&quot;:&quot;none&quot;}\">\n\t\t\t\t\t<div class=\"e-con-inner\">\n\t\t\t\t<div class=\"elementor-element elementor-element-e84face wcf-t-animation-none elementor-widget elementor-widget-wcf--title\" data-id=\"e84face\" data-element_type=\"widget\" data-settings=\"{&quot;wcf_text_animation&quot;:&quot;none&quot;,&quot;wcf-animation&quot;:&quot;none&quot;}\" data-widget_type=\"wcf--title.default\">\n\t\t\t\t<div class=\"elementor-widget-container\">\n\t\t\t\t\t<span class=\"wcf--title\">News.<\/span>\t\t\t\t<\/div>\n\t\t\t\t<\/div>\n\t\t\t\t<div class=\"elementor-element elementor-element-3228275 wcf-t-animation-none elementor-widget elementor-widget-text-editor\" data-id=\"3228275\" data-element_type=\"widget\" data-settings=\"{&quot;wcf_text_animation&quot;:&quot;none&quot;,&quot;wcf-animation&quot;:&quot;none&quot;}\" data-widget_type=\"text-editor.default\">\n\t\t\t\t<div class=\"elementor-widget-container\">\n\t\t\t\t\t\t\t\t\t<h4 style=\"text-align: center;\"> <\/h4><h4 style=\"text-align: center;\">Im Brenner Outlet wird Shopping zu einem einzigartigen Erlebnis \u2013 mit neuen Kollektionen, unvergesslichen Momenten und Services, die auf deinen Komfort abgestimmt sind. <strong>Bleib \u00fcber alle Neuigkeiten informiert, entdecke exklusive Events und lass dich von den neuesten saisonalen Highlights inspirieren.<\/strong> <\/h4>\t\t\t\t\t\t\t\t<\/div>\n\t\t\t\t<\/div>\n\t\t\t\t<div class=\"elementor-element elementor-element-e152de7 elementor-widget elementor-widget-spacer\" data-id=\"e152de7\" data-element_type=\"widget\" data-settings=\"{&quot;wcf-animation&quot;:&quot;none&quot;}\" data-widget_type=\"spacer.default\">\n\t\t\t\t<div class=\"elementor-widget-container\">\n\t\t\t\t\t\t\t<div class=\"elementor-spacer\">\n\t\t\t<div class=\"elementor-spacer-inner\"><\/div>\n\t\t<\/div>\n\t\t\t\t\t\t<\/div>\n\t\t\t\t<\/div>\n\t\t\t\t<div class=\"elementor-element elementor-element-0fee5cf wcf--image-effect-zoom-in elementor-widget elementor-widget-wcf--posts\" data-id=\"0fee5cf\" data-element_type=\"widget\" data-settings=\"{&quot;wcf-animation&quot;:&quot;none&quot;}\" data-widget_type=\"wcf--posts.default\">\n\t\t\t\t<div class=\"elementor-widget-container\">\n\t\t\t\t\t        <div class=\"wcf__posts style-3\">        <div class=\"wcf-posts\">\r\n\t\t        <article class=\"wcf-post post-20968 post type-post status-publish format-standard has-post-thumbnail hentry category-nicht-kategorisiert\">\r\n\t\t\t        <div class=\"thumb\">\r\n            <a href=\"https:\/\/brenneroutlet.com\/de\/fashion-fiesta-12-april\/\" aria-label=\"FASHION FIESTA 12. APRIL\">\r\n\t\t\t\t<img fetchpriority=\"high\" decoding=\"async\" width=\"768\" height=\"960\" src=\"https:\/\/brenneroutlet.com\/wp-content\/smush-webp\/2026\/04\/FashionFiesta_Post_RZ-\u2013-2-768x960.png.webp\" class=\"attachment-medium_large size-medium_large wp-image-20969\" alt=\"\" srcset=\"https:\/\/brenneroutlet.com\/wp-content\/smush-webp\/2026\/04\/FashionFiesta_Post_RZ-\u2013-2-768x960.png.webp 768w, https:\/\/brenneroutlet.com\/wp-content\/smush-webp\/2026\/04\/FashionFiesta_Post_RZ-\u2013-2-240x300.png.webp 240w, https:\/\/brenneroutlet.com\/wp-content\/smush-webp\/2026\/04\/FashionFiesta_Post_RZ-\u2013-2-819x1024.png.webp 819w, https:\/\/brenneroutlet.com\/wp-content\/smush-webp\/2026\/04\/FashionFiesta_Post_RZ-\u2013-2.png.webp 1080w\" sizes=\"(max-width: 768px) 100vw, 768px\" data-smush-webp-fallback=\"{&quot;src&quot;:&quot;https:\\\/\\\/brenneroutlet.com\\\/wp-content\\\/uploads\\\/2026\\\/04\\\/FashionFiesta_Post_RZ-\\u2013-2-768x960.png&quot;,&quot;srcset&quot;:&quot;https:\\\/\\\/brenneroutlet.com\\\/wp-content\\\/uploads\\\/2026\\\/04\\\/FashionFiesta_Post_RZ-\\u2013-2-768x960.png 768w, https:\\\/\\\/brenneroutlet.com\\\/wp-content\\\/uploads\\\/2026\\\/04\\\/FashionFiesta_Post_RZ-\\u2013-2-240x300.png 240w, https:\\\/\\\/brenneroutlet.com\\\/wp-content\\\/uploads\\\/2026\\\/04\\\/FashionFiesta_Post_RZ-\\u2013-2-819x1024.png 819w, https:\\\/\\\/brenneroutlet.com\\\/wp-content\\\/uploads\\\/2026\\\/04\\\/FashionFiesta_Post_RZ-\\u2013-2.png 1080w&quot;}\" \/>            <\/a>\r\n        <\/div>\r\n\t\t\r\n            <div class=\"content\">\r\n\t\t\t\t        <ul class=\"wcf-meta\">\r\n\t\t\t        <li>\r\n\t\t<span>\r\n\t\t\t10. April 2026\t\t<\/span>\r\n        <\/li>\r\n\t\t        <\/ul>\r\n\t\t        <h3 class=\"title\">\r\n        <a href=\"https:\/\/brenneroutlet.com\/de\/fashion-fiesta-12-april\/\">\r\n\t\t\t<span class=\"highlight\"><\/span> FASHION FIESTA 12. APRIL        <\/a>\r\n        <\/h3>\r\n\t\t        <div class=\"desc\">\r\n\t\t\t<p>FASHION FIESTA IM BRENNER OUTLET 70% Rabatt auf 3 ausgew\u00e4hlte Artikel pro teilnehmendem Store. &nbsp; &nbsp; Entdecke alle Angebote. Angebote von Fashion Fiesta &nbsp; &nbsp; Exklusive Autogrammstunde und Buchvorstellung mit        <\/div>\r\n\t\t\r\n        <a class=\"link left\"\r\n           href=\"https:\/\/brenneroutlet.com\/de\/fashion-fiesta-12-april\/\"\r\n           tabindex=\"-1\">\r\n            <span class=\"screen-reader-text\">Read more about FASHION FIESTA 12. APRIL<\/span>\r\n\t\t\t\t\t\tMehr erfahren        <\/a>\r\n\t\t            <\/div>\r\n        <\/article>\r\n\t\t        <article class=\"wcf-post post-19186 post type-post status-publish format-standard has-post-thumbnail hentry category-werbeaktionen\">\r\n\t\t\t        <div class=\"thumb\">\r\n            <a href=\"https:\/\/brenneroutlet.com\/de\/winter-sale\/\" aria-label=\"Winter Sale\">\r\n\t\t\t\t<img decoding=\"async\" width=\"768\" height=\"960\" data-src=\"https:\/\/brenneroutlet.com\/wp-content\/smush-webp\/2026\/01\/sale-news-768x960.jpg.webp\" class=\"attachment-medium_large size-medium_large wp-image-19178 lazyload\" alt=\"\" data-srcset=\"https:\/\/brenneroutlet.com\/wp-content\/smush-webp\/2026\/01\/sale-news-768x960.jpg.webp 768w, https:\/\/brenneroutlet.com\/wp-content\/smush-webp\/2026\/01\/sale-news-240x300.jpg.webp 240w, https:\/\/brenneroutlet.com\/wp-content\/smush-webp\/2026\/01\/sale-news-819x1024.jpg.webp 819w, https:\/\/brenneroutlet.com\/wp-content\/smush-webp\/2026\/01\/sale-news-1229x1536.jpg.webp 1229w, https:\/\/brenneroutlet.com\/wp-content\/smush-webp\/2026\/01\/sale-news-1638x2048.jpg.webp 1638w, https:\/\/brenneroutlet.com\/wp-content\/smush-webp\/2026\/01\/sale-news-scaled.jpg.webp 2048w\" data-sizes=\"(max-width: 768px) 100vw, 768px\" src=\"data:image\/svg+xml;base64,PHN2ZyB3aWR0aD0iMSIgaGVpZ2h0PSIxIiB4bWxucz0iaHR0cDovL3d3dy53My5vcmcvMjAwMC9zdmciPjwvc3ZnPg==\" style=\"--smush-placeholder-width: 768px; --smush-placeholder-aspect-ratio: 768\/960;\" data-smush-webp-fallback=\"{&quot;data-src&quot;:&quot;https:\\\/\\\/brenneroutlet.com\\\/wp-content\\\/uploads\\\/2026\\\/01\\\/sale-news-768x960.jpg&quot;,&quot;data-srcset&quot;:&quot;https:\\\/\\\/brenneroutlet.com\\\/wp-content\\\/uploads\\\/2026\\\/01\\\/sale-news-768x960.jpg 768w, https:\\\/\\\/brenneroutlet.com\\\/wp-content\\\/uploads\\\/2026\\\/01\\\/sale-news-240x300.jpg 240w, https:\\\/\\\/brenneroutlet.com\\\/wp-content\\\/uploads\\\/2026\\\/01\\\/sale-news-819x1024.jpg 819w, https:\\\/\\\/brenneroutlet.com\\\/wp-content\\\/uploads\\\/2026\\\/01\\\/sale-news-1229x1536.jpg 1229w, https:\\\/\\\/brenneroutlet.com\\\/wp-content\\\/uploads\\\/2026\\\/01\\\/sale-news-1638x2048.jpg 1638w, https:\\\/\\\/brenneroutlet.com\\\/wp-content\\\/uploads\\\/2026\\\/01\\\/sale-news-scaled.jpg 2048w&quot;}\" \/>            <\/a>\r\n        <\/div>\r\n\t\t\r\n            <div class=\"content\">\r\n\t\t\t\t        <ul class=\"wcf-meta\">\r\n\t\t\t        <li>\r\n\t\t<span>\r\n\t\t\t8. Januar 2026\t\t<\/span>\r\n        <\/li>\r\n\t\t        <\/ul>\r\n\t\t        <h3 class=\"title\">\r\n        <a href=\"https:\/\/brenneroutlet.com\/de\/winter-sale\/\">\r\n\t\t\t<span class=\"highlight\"><\/span> Winter Sale        <\/a>\r\n        <\/h3>\r\n\t\t        <div class=\"desc\">\r\n\t\t\t<p>Unwiderstehliche Angebote und exklusive Marken erwarten dich. Der Winter Sale im Brenner Outlet ist da! Bis zum 5. Februar erwarten dich einzigartige Gelegenheiten mit stark reduzierten Outletpreisen. Lifestyle, Fashion, Sport,        <\/div>\r\n\t\t\r\n        <a class=\"link left\"\r\n           href=\"https:\/\/brenneroutlet.com\/de\/winter-sale\/\"\r\n           tabindex=\"-1\">\r\n            <span class=\"screen-reader-text\">Read more about Winter Sale<\/span>\r\n\t\t\t\t\t\tMehr erfahren        <\/a>\r\n\t\t            <\/div>\r\n        <\/article>\r\n\t\t        <article class=\"wcf-post post-19004 post type-post status-publish format-standard has-post-thumbnail hentry category-neuheit\">\r\n\t\t\t        <div class=\"thumb\">\r\n            <a href=\"https:\/\/brenneroutlet.com\/de\/mysterzon-scopri-il-nuovo-pop-up-store-al-brenner-outlet\/\" aria-label=\"MYSTERZON, entdecke den neuen POP UP Store im Brenner Outlet\">\r\n\t\t\t\t<img decoding=\"async\" width=\"768\" height=\"960\" data-src=\"https:\/\/brenneroutlet.com\/wp-content\/smush-webp\/2025\/12\/news-mysterzon-768x960.jpg.webp\" class=\"attachment-medium_large size-medium_large wp-image-19001 lazyload\" alt=\"\" data-srcset=\"https:\/\/brenneroutlet.com\/wp-content\/smush-webp\/2025\/12\/news-mysterzon-768x960.jpg.webp 768w, https:\/\/brenneroutlet.com\/wp-content\/smush-webp\/2025\/12\/news-mysterzon-240x300.jpg.webp 240w, https:\/\/brenneroutlet.com\/wp-content\/smush-webp\/2025\/12\/news-mysterzon-819x1024.jpg.webp 819w, https:\/\/brenneroutlet.com\/wp-content\/smush-webp\/2025\/12\/news-mysterzon-1229x1536.jpg.webp 1229w, https:\/\/brenneroutlet.com\/wp-content\/smush-webp\/2025\/12\/news-mysterzon.jpg.webp 1530w\" data-sizes=\"(max-width: 768px) 100vw, 768px\" src=\"data:image\/svg+xml;base64,PHN2ZyB3aWR0aD0iMSIgaGVpZ2h0PSIxIiB4bWxucz0iaHR0cDovL3d3dy53My5vcmcvMjAwMC9zdmciPjwvc3ZnPg==\" style=\"--smush-placeholder-width: 768px; --smush-placeholder-aspect-ratio: 768\/960;\" data-smush-webp-fallback=\"{&quot;data-src&quot;:&quot;https:\\\/\\\/brenneroutlet.com\\\/wp-content\\\/uploads\\\/2025\\\/12\\\/news-mysterzon-768x960.jpg&quot;,&quot;data-srcset&quot;:&quot;https:\\\/\\\/brenneroutlet.com\\\/wp-content\\\/uploads\\\/2025\\\/12\\\/news-mysterzon-768x960.jpg 768w, https:\\\/\\\/brenneroutlet.com\\\/wp-content\\\/uploads\\\/2025\\\/12\\\/news-mysterzon-240x300.jpg 240w, https:\\\/\\\/brenneroutlet.com\\\/wp-content\\\/uploads\\\/2025\\\/12\\\/news-mysterzon-819x1024.jpg 819w, https:\\\/\\\/brenneroutlet.com\\\/wp-content\\\/uploads\\\/2025\\\/12\\\/news-mysterzon-1229x1536.jpg 1229w, https:\\\/\\\/brenneroutlet.com\\\/wp-content\\\/uploads\\\/2025\\\/12\\\/news-mysterzon.jpg 1530w&quot;}\" \/>            <\/a>\r\n        <\/div>\r\n\t\t\r\n            <div class=\"content\">\r\n\t\t\t\t        <ul class=\"wcf-meta\">\r\n\t\t\t        <li>\r\n\t\t<span>\r\n\t\t\t15. Dezember 2025\t\t<\/span>\r\n        <\/li>\r\n\t\t        <\/ul>\r\n\t\t        <h3 class=\"title\">\r\n        <a href=\"https:\/\/brenneroutlet.com\/de\/mysterzon-scopri-il-nuovo-pop-up-store-al-brenner-outlet\/\">\r\n\t\t\t<span class=\"highlight\"><\/span> MYSTERZON, entdecke den neuen POP UP Store im Brenner Outlet        <\/a>\r\n        <\/h3>\r\n\t\t        <div class=\"desc\">\r\n\t\t\t<p>Ein neues Shopping-Erlebnis findest du jetzt im Brenner Outlet: MYSTERZON hat seinen POP-UP Store mit verlorengegangenen E-Commerce-Paketen er\u00f6ffnet. Jedes Paket ist eine \u00dcberraschung und kann Produkte aus den unterschiedlichsten Kategorien        <\/div>\r\n\t\t\r\n        <a class=\"link left\"\r\n           href=\"https:\/\/brenneroutlet.com\/de\/mysterzon-scopri-il-nuovo-pop-up-store-al-brenner-outlet\/\"\r\n           tabindex=\"-1\">\r\n            <span class=\"screen-reader-text\">Read more about MYSTERZON, entdecke den neuen POP UP Store im Brenner Outlet<\/span>\r\n\t\t\t\t\t\tMehr erfahren        <\/a>\r\n\t\t            <\/div>\r\n        <\/article>\r\n\t\t        <article class=\"wcf-post post-18625 post type-post status-publish format-standard has-post-thumbnail hentry category-werbeaktionen\">\r\n\t\t\t        <div class=\"thumb\">\r\n            <a href=\"https:\/\/brenneroutlet.com\/de\/black-friday-al-brenner-outlet\/\" aria-label=\"Black Friday al Brenner Outlet\">\r\n\t\t\t\t<img decoding=\"async\" width=\"768\" height=\"960\" data-src=\"https:\/\/brenneroutlet.com\/wp-content\/smush-webp\/2025\/11\/black-friday-768x960.jpg.webp\" class=\"attachment-medium_large size-medium_large wp-image-18623 lazyload\" alt=\"\" data-srcset=\"https:\/\/brenneroutlet.com\/wp-content\/smush-webp\/2025\/11\/black-friday-768x960.jpg.webp 768w, https:\/\/brenneroutlet.com\/wp-content\/smush-webp\/2025\/11\/black-friday-240x300.jpg.webp 240w, https:\/\/brenneroutlet.com\/wp-content\/smush-webp\/2025\/11\/black-friday-819x1024.jpg.webp 819w, https:\/\/brenneroutlet.com\/wp-content\/smush-webp\/2025\/11\/black-friday.jpg.webp 1080w\" data-sizes=\"(max-width: 768px) 100vw, 768px\" src=\"data:image\/svg+xml;base64,PHN2ZyB3aWR0aD0iMSIgaGVpZ2h0PSIxIiB4bWxucz0iaHR0cDovL3d3dy53My5vcmcvMjAwMC9zdmciPjwvc3ZnPg==\" style=\"--smush-placeholder-width: 768px; --smush-placeholder-aspect-ratio: 768\/960;\" data-smush-webp-fallback=\"{&quot;data-src&quot;:&quot;https:\\\/\\\/brenneroutlet.com\\\/wp-content\\\/uploads\\\/2025\\\/11\\\/black-friday-768x960.jpg&quot;,&quot;data-srcset&quot;:&quot;https:\\\/\\\/brenneroutlet.com\\\/wp-content\\\/uploads\\\/2025\\\/11\\\/black-friday-768x960.jpg 768w, https:\\\/\\\/brenneroutlet.com\\\/wp-content\\\/uploads\\\/2025\\\/11\\\/black-friday-240x300.jpg 240w, https:\\\/\\\/brenneroutlet.com\\\/wp-content\\\/uploads\\\/2025\\\/11\\\/black-friday-819x1024.jpg 819w, https:\\\/\\\/brenneroutlet.com\\\/wp-content\\\/uploads\\\/2025\\\/11\\\/black-friday.jpg 1080w&quot;}\" \/>            <\/a>\r\n        <\/div>\r\n\t\t\r\n            <div class=\"content\">\r\n\t\t\t\t        <ul class=\"wcf-meta\">\r\n\t\t\t        <li>\r\n\t\t<span>\r\n\t\t\t25. November 2025\t\t<\/span>\r\n        <\/li>\r\n\t\t        <\/ul>\r\n\t\t        <h3 class=\"title\">\r\n        <a href=\"https:\/\/brenneroutlet.com\/de\/black-friday-al-brenner-outlet\/\">\r\n\t\t\t<span class=\"highlight\"><\/span> Black Friday al Brenner Outlet        <\/a>\r\n        <\/h3>\r\n\t\t        <div class=\"desc\">\r\n\t\t\t<p>Komm vorbei und entdecke zahlreiche Angebote. Bis zum 01.12.2025 viele tollen Angebote und Aktionen mit zus\u00e4tzlichen Rabatten. -30%, bis -40% und bis -50% vom Outletpreis in teilnehmenden Stores. Gro\u00dfe Auswahl        <\/div>\r\n\t\t\r\n        <a class=\"link left\"\r\n           href=\"https:\/\/brenneroutlet.com\/de\/black-friday-al-brenner-outlet\/\"\r\n           tabindex=\"-1\">\r\n            <span class=\"screen-reader-text\">Read more about Black Friday al Brenner Outlet<\/span>\r\n\t\t\t\t\t\tMehr erfahren        <\/a>\r\n\t\t            <\/div>\r\n        <\/article>\r\n\t\t        <article class=\"wcf-post post-18273 post type-post status-publish format-standard has-post-thumbnail hentry category-neuheit\">\r\n\t\t\t        <div class=\"thumb\">\r\n            <a href=\"https:\/\/brenneroutlet.com\/de\/november-eroeffnet-der-neue-food-court\/\" aria-label=\"November er\u00f6ffnet der neue Food Court\">\r\n\t\t\t\t<img decoding=\"async\" width=\"768\" height=\"960\" data-src=\"https:\/\/brenneroutlet.com\/wp-content\/smush-webp\/2025\/11\/food-court-2-768x960.jpg.webp\" class=\"attachment-medium_large size-medium_large wp-image-18270 lazyload\" alt=\"\" data-srcset=\"https:\/\/brenneroutlet.com\/wp-content\/smush-webp\/2025\/11\/food-court-2-768x960.jpg.webp 768w, https:\/\/brenneroutlet.com\/wp-content\/smush-webp\/2025\/11\/food-court-2-240x300.jpg.webp 240w, https:\/\/brenneroutlet.com\/wp-content\/smush-webp\/2025\/11\/food-court-2-819x1024.jpg.webp 819w, https:\/\/brenneroutlet.com\/wp-content\/smush-webp\/2025\/11\/food-court-2-1229x1536.jpg.webp 1229w, https:\/\/brenneroutlet.com\/wp-content\/smush-webp\/2025\/11\/food-court-2.jpg.webp 1600w\" data-sizes=\"(max-width: 768px) 100vw, 768px\" src=\"data:image\/svg+xml;base64,PHN2ZyB3aWR0aD0iMSIgaGVpZ2h0PSIxIiB4bWxucz0iaHR0cDovL3d3dy53My5vcmcvMjAwMC9zdmciPjwvc3ZnPg==\" style=\"--smush-placeholder-width: 768px; --smush-placeholder-aspect-ratio: 768\/960;\" data-smush-webp-fallback=\"{&quot;data-src&quot;:&quot;https:\\\/\\\/brenneroutlet.com\\\/wp-content\\\/uploads\\\/2025\\\/11\\\/food-court-2-768x960.jpg&quot;,&quot;data-srcset&quot;:&quot;https:\\\/\\\/brenneroutlet.com\\\/wp-content\\\/uploads\\\/2025\\\/11\\\/food-court-2-768x960.jpg 768w, https:\\\/\\\/brenneroutlet.com\\\/wp-content\\\/uploads\\\/2025\\\/11\\\/food-court-2-240x300.jpg 240w, https:\\\/\\\/brenneroutlet.com\\\/wp-content\\\/uploads\\\/2025\\\/11\\\/food-court-2-819x1024.jpg 819w, https:\\\/\\\/brenneroutlet.com\\\/wp-content\\\/uploads\\\/2025\\\/11\\\/food-court-2-1229x1536.jpg 1229w, https:\\\/\\\/brenneroutlet.com\\\/wp-content\\\/uploads\\\/2025\\\/11\\\/food-court-2.jpg 1600w&quot;}\" \/>            <\/a>\r\n        <\/div>\r\n\t\t\r\n            <div class=\"content\">\r\n\t\t\t\t        <ul class=\"wcf-meta\">\r\n\t\t\t        <li>\r\n\t\t<span>\r\n\t\t\t13. November 2025\t\t<\/span>\r\n        <\/li>\r\n\t\t        <\/ul>\r\n\t\t        <h3 class=\"title\">\r\n        <a href=\"https:\/\/brenneroutlet.com\/de\/november-eroeffnet-der-neue-food-court\/\">\r\n\t\t\t<span class=\"highlight\"><\/span> November er\u00f6ffnet der neue Food Court        <\/a>\r\n        <\/h3>\r\n\t\t        <div class=\"desc\">\r\n\t\t\t<p>Das Warten hat endlich ein Ende, am 28. November er\u00f6ffnet der neue Food Court im Brenner Outlet. Italienische Kochkunst, Craft Bier und Burgers werden h\u00f6chsten Anspr\u00fcchen gerecht.<\/p>\n        <\/div>\r\n\t\t\r\n        <a class=\"link left\"\r\n           href=\"https:\/\/brenneroutlet.com\/de\/november-eroeffnet-der-neue-food-court\/\"\r\n           tabindex=\"-1\">\r\n            <span class=\"screen-reader-text\">Read more about November er\u00f6ffnet der neue Food Court<\/span>\r\n\t\t\t\t\t\tMehr erfahren        <\/a>\r\n\t\t            <\/div>\r\n        <\/article>\r\n\t\t        <article class=\"wcf-post post-18128 post type-post status-publish format-standard has-post-thumbnail hentry category-neuheit\">\r\n\t\t\t        <div class=\"thumb\">\r\n            <a href=\"https:\/\/brenneroutlet.com\/de\/der-winter-steht-vor-der-tuer-und-mit-ihm-neue-energie-neue-abenteuer-und-neue-looks\/\" aria-label=\"Der Winter steht vor der T\u00fcr \u2013 und mit ihm neue Energie, neue Abenteuer und neue Looks!\">\r\n\t\t\t\t<img decoding=\"async\" width=\"768\" height=\"960\" data-src=\"https:\/\/brenneroutlet.com\/wp-content\/smush-webp\/2025\/11\/winter-news-768x960.jpg.webp\" class=\"attachment-medium_large size-medium_large wp-image-18126 lazyload\" alt=\"\" data-srcset=\"https:\/\/brenneroutlet.com\/wp-content\/smush-webp\/2025\/11\/winter-news-768x960.jpg.webp 768w, https:\/\/brenneroutlet.com\/wp-content\/smush-webp\/2025\/11\/winter-news-240x300.jpg.webp 240w, https:\/\/brenneroutlet.com\/wp-content\/smush-webp\/2025\/11\/winter-news-819x1024.jpg.webp 819w, https:\/\/brenneroutlet.com\/wp-content\/smush-webp\/2025\/11\/winter-news.jpg.webp 1200w\" data-sizes=\"(max-width: 768px) 100vw, 768px\" src=\"data:image\/svg+xml;base64,PHN2ZyB3aWR0aD0iMSIgaGVpZ2h0PSIxIiB4bWxucz0iaHR0cDovL3d3dy53My5vcmcvMjAwMC9zdmciPjwvc3ZnPg==\" style=\"--smush-placeholder-width: 768px; --smush-placeholder-aspect-ratio: 768\/960;\" data-smush-webp-fallback=\"{&quot;data-src&quot;:&quot;https:\\\/\\\/brenneroutlet.com\\\/wp-content\\\/uploads\\\/2025\\\/11\\\/winter-news-768x960.jpg&quot;,&quot;data-srcset&quot;:&quot;https:\\\/\\\/brenneroutlet.com\\\/wp-content\\\/uploads\\\/2025\\\/11\\\/winter-news-768x960.jpg 768w, https:\\\/\\\/brenneroutlet.com\\\/wp-content\\\/uploads\\\/2025\\\/11\\\/winter-news-240x300.jpg 240w, https:\\\/\\\/brenneroutlet.com\\\/wp-content\\\/uploads\\\/2025\\\/11\\\/winter-news-819x1024.jpg 819w, https:\\\/\\\/brenneroutlet.com\\\/wp-content\\\/uploads\\\/2025\\\/11\\\/winter-news.jpg 1200w&quot;}\" \/>            <\/a>\r\n        <\/div>\r\n\t\t\r\n            <div class=\"content\">\r\n\t\t\t\t        <ul class=\"wcf-meta\">\r\n\t\t\t        <li>\r\n\t\t<span>\r\n\t\t\t4. November 2025\t\t<\/span>\r\n        <\/li>\r\n\t\t        <\/ul>\r\n\t\t        <h3 class=\"title\">\r\n        <a href=\"https:\/\/brenneroutlet.com\/de\/der-winter-steht-vor-der-tuer-und-mit-ihm-neue-energie-neue-abenteuer-und-neue-looks\/\">\r\n\t\t\t<span class=\"highlight\"><\/span> Der Winter steht vor der T\u00fcr \u2013 und mit ihm neue Energie, neue Abenteuer und neue Looks!        <\/a>\r\n        <\/h3>\r\n\t\t        <div class=\"desc\">\r\n\t\t\t<p>Entdecke im Brenner Outlet alles, was du brauchst, um die kalte Jahreszeit stilvoll zu genie\u00dfen: funktionale Outdoor-Mode, sportliche Highlights, urbane Must-haves und gem\u00fctliche Lifestyle-Basics. Ob f\u00fcr deine n\u00e4chste Bergtour, den        <\/div>\r\n\t\t\r\n        <a class=\"link left\"\r\n           href=\"https:\/\/brenneroutlet.com\/de\/der-winter-steht-vor-der-tuer-und-mit-ihm-neue-energie-neue-abenteuer-und-neue-looks\/\"\r\n           tabindex=\"-1\">\r\n            <span class=\"screen-reader-text\">Read more about Der Winter steht vor der T\u00fcr \u2013 und mit ihm neue Energie, neue Abenteuer und neue Looks!<\/span>\r\n\t\t\t\t\t\tMehr erfahren        <\/a>\r\n\t\t            <\/div>\r\n        <\/article>\r\n\t\t        <article class=\"wcf-post post-17372 post type-post status-publish format-standard has-post-thumbnail hentry category-werbeaktionen\">\r\n\t\t\t        <div class=\"thumb\">\r\n            <a href=\"https:\/\/brenneroutlet.com\/de\/welcome-autumn-zusaetzliche-rabatte-auf-outlet-preise\/\" aria-label=\"Welcome Autumn: zus\u00e4tzliche Rabatte auf Outlet-Preise!\">\r\n\t\t\t\t<img decoding=\"async\" width=\"768\" height=\"960\" data-src=\"https:\/\/brenneroutlet.com\/wp-content\/smush-webp\/2025\/09\/2-news-768x960.jpg.webp\" class=\"attachment-medium_large size-medium_large wp-image-17340 lazyload\" alt=\"\" data-srcset=\"https:\/\/brenneroutlet.com\/wp-content\/smush-webp\/2025\/09\/2-news-768x960.jpg.webp 768w, https:\/\/brenneroutlet.com\/wp-content\/smush-webp\/2025\/09\/2-news-240x300.jpg.webp 240w, https:\/\/brenneroutlet.com\/wp-content\/smush-webp\/2025\/09\/2-news-819x1024.jpg.webp 819w, https:\/\/brenneroutlet.com\/wp-content\/smush-webp\/2025\/09\/2-news-1229x1536.jpg.webp 1229w, https:\/\/brenneroutlet.com\/wp-content\/smush-webp\/2025\/09\/2-news.jpg.webp 1600w\" data-sizes=\"(max-width: 768px) 100vw, 768px\" src=\"data:image\/svg+xml;base64,PHN2ZyB3aWR0aD0iMSIgaGVpZ2h0PSIxIiB4bWxucz0iaHR0cDovL3d3dy53My5vcmcvMjAwMC9zdmciPjwvc3ZnPg==\" style=\"--smush-placeholder-width: 768px; --smush-placeholder-aspect-ratio: 768\/960;\" data-smush-webp-fallback=\"{&quot;data-src&quot;:&quot;https:\\\/\\\/brenneroutlet.com\\\/wp-content\\\/uploads\\\/2025\\\/09\\\/2-news-768x960.jpg&quot;,&quot;data-srcset&quot;:&quot;https:\\\/\\\/brenneroutlet.com\\\/wp-content\\\/uploads\\\/2025\\\/09\\\/2-news-768x960.jpg 768w, https:\\\/\\\/brenneroutlet.com\\\/wp-content\\\/uploads\\\/2025\\\/09\\\/2-news-240x300.jpg 240w, https:\\\/\\\/brenneroutlet.com\\\/wp-content\\\/uploads\\\/2025\\\/09\\\/2-news-819x1024.jpg 819w, https:\\\/\\\/brenneroutlet.com\\\/wp-content\\\/uploads\\\/2025\\\/09\\\/2-news-1229x1536.jpg 1229w, https:\\\/\\\/brenneroutlet.com\\\/wp-content\\\/uploads\\\/2025\\\/09\\\/2-news.jpg 1600w&quot;}\" \/>            <\/a>\r\n        <\/div>\r\n\t\t\r\n            <div class=\"content\">\r\n\t\t\t\t        <ul class=\"wcf-meta\">\r\n\t\t\t        <li>\r\n\t\t<span>\r\n\t\t\t26. September 2025\t\t<\/span>\r\n        <\/li>\r\n\t\t        <\/ul>\r\n\t\t        <h3 class=\"title\">\r\n        <a href=\"https:\/\/brenneroutlet.com\/de\/welcome-autumn-zusaetzliche-rabatte-auf-outlet-preise\/\">\r\n\t\t\t<span class=\"highlight\"><\/span> Welcome Autumn: zus\u00e4tzliche Rabatte auf Outlet-Preise!        <\/a>\r\n        <\/h3>\r\n\t\t        <div class=\"desc\">\r\n\t\t\t<p>Vom 26. bis 29. September erwartet dich im Brenner Outlet ein unwiderstehliches Herbst-Highlight: -20\u202f% bis -30\u202f% Extra-Rabatt auf die Outlet-Preise. Es ist der perfekte Moment, um deine Garderobe zu erneuern        <\/div>\r\n\t\t\r\n        <a class=\"link left\"\r\n           href=\"https:\/\/brenneroutlet.com\/de\/welcome-autumn-zusaetzliche-rabatte-auf-outlet-preise\/\"\r\n           tabindex=\"-1\">\r\n            <span class=\"screen-reader-text\">Read more about Welcome Autumn: zus\u00e4tzliche Rabatte auf Outlet-Preise!<\/span>\r\n\t\t\t\t\t\tMehr erfahren        <\/a>\r\n\t\t            <\/div>\r\n        <\/article>\r\n\t\t        <article class=\"wcf-post post-17175 post type-post status-publish format-standard has-post-thumbnail hentry category-neuheit\">\r\n\t\t\t        <div class=\"thumb\">\r\n            <a href=\"https:\/\/brenneroutlet.com\/de\/autumn\/\" aria-label=\"Autumn\">\r\n\t\t\t\t<img decoding=\"async\" width=\"768\" height=\"960\" data-src=\"https:\/\/brenneroutlet.com\/wp-content\/smush-webp\/2025\/09\/AUTUMN-2-768x960.jpg.webp\" class=\"attachment-medium_large size-medium_large wp-image-17171 lazyload\" alt=\"\" data-srcset=\"https:\/\/brenneroutlet.com\/wp-content\/smush-webp\/2025\/09\/AUTUMN-2-768x960.jpg.webp 768w, https:\/\/brenneroutlet.com\/wp-content\/smush-webp\/2025\/09\/AUTUMN-2-240x300.jpg.webp 240w, https:\/\/brenneroutlet.com\/wp-content\/smush-webp\/2025\/09\/AUTUMN-2-819x1024.jpg.webp 819w, https:\/\/brenneroutlet.com\/wp-content\/smush-webp\/2025\/09\/AUTUMN-2.jpg.webp 1200w\" data-sizes=\"(max-width: 768px) 100vw, 768px\" src=\"data:image\/svg+xml;base64,PHN2ZyB3aWR0aD0iMSIgaGVpZ2h0PSIxIiB4bWxucz0iaHR0cDovL3d3dy53My5vcmcvMjAwMC9zdmciPjwvc3ZnPg==\" style=\"--smush-placeholder-width: 768px; --smush-placeholder-aspect-ratio: 768\/960;\" data-smush-webp-fallback=\"{&quot;data-src&quot;:&quot;https:\\\/\\\/brenneroutlet.com\\\/wp-content\\\/uploads\\\/2025\\\/09\\\/AUTUMN-2-768x960.jpg&quot;,&quot;data-srcset&quot;:&quot;https:\\\/\\\/brenneroutlet.com\\\/wp-content\\\/uploads\\\/2025\\\/09\\\/AUTUMN-2-768x960.jpg 768w, https:\\\/\\\/brenneroutlet.com\\\/wp-content\\\/uploads\\\/2025\\\/09\\\/AUTUMN-2-240x300.jpg 240w, https:\\\/\\\/brenneroutlet.com\\\/wp-content\\\/uploads\\\/2025\\\/09\\\/AUTUMN-2-819x1024.jpg 819w, https:\\\/\\\/brenneroutlet.com\\\/wp-content\\\/uploads\\\/2025\\\/09\\\/AUTUMN-2.jpg 1200w&quot;}\" \/>            <\/a>\r\n        <\/div>\r\n\t\t\r\n            <div class=\"content\">\r\n\t\t\t\t        <ul class=\"wcf-meta\">\r\n\t\t\t        <li>\r\n\t\t<span>\r\n\t\t\t18. September 2025\t\t<\/span>\r\n        <\/li>\r\n\t\t        <\/ul>\r\n\t\t        <h3 class=\"title\">\r\n        <a href=\"https:\/\/brenneroutlet.com\/de\/autumn\/\">\r\n\t\t\t<span class=\"highlight\"><\/span> Autumn        <\/a>\r\n        <\/h3>\r\n\t\t        <div class=\"desc\">\r\n\t\t\t<p>Die neue Saison steht vor der T\u00fcr der perfekte Moment, um die neuesten Kollektionen im Brenner Outlet zu entdecken. Unsere Stores pr\u00e4sentieren sich mit frischen Herbstlinien, die jedem Anspruch gerecht        <\/div>\r\n\t\t\r\n        <a class=\"link left\"\r\n           href=\"https:\/\/brenneroutlet.com\/de\/autumn\/\"\r\n           tabindex=\"-1\">\r\n            <span class=\"screen-reader-text\">Read more about Autumn<\/span>\r\n\t\t\t\t\t\tMehr erfahren        <\/a>\r\n\t\t            <\/div>\r\n        <\/article>\r\n\t\t        <article class=\"wcf-post post-16356 post type-post status-publish format-standard has-post-thumbnail hentry category-neuheit\">\r\n\t\t\t        <div class=\"thumb\">\r\n            <a href=\"https:\/\/brenneroutlet.com\/de\/back-to-school-bereit-fuer-den-neustart\/\" aria-label=\"Back to School: bereit f\u00fcr den Neustart!\">\r\n\t\t\t\t<img decoding=\"async\" width=\"768\" height=\"960\" data-src=\"https:\/\/brenneroutlet.com\/wp-content\/smush-webp\/2025\/07\/back-to-school-768x960.jpg.webp\" class=\"attachment-medium_large size-medium_large wp-image-16354 lazyload\" alt=\"\" data-srcset=\"https:\/\/brenneroutlet.com\/wp-content\/smush-webp\/2025\/07\/back-to-school-768x960.jpg.webp 768w, https:\/\/brenneroutlet.com\/wp-content\/smush-webp\/2025\/07\/back-to-school-240x300.jpg.webp 240w, https:\/\/brenneroutlet.com\/wp-content\/smush-webp\/2025\/07\/back-to-school-819x1024.jpg.webp 819w, https:\/\/brenneroutlet.com\/wp-content\/smush-webp\/2025\/07\/back-to-school.jpg.webp 1200w\" data-sizes=\"(max-width: 768px) 100vw, 768px\" src=\"data:image\/svg+xml;base64,PHN2ZyB3aWR0aD0iMSIgaGVpZ2h0PSIxIiB4bWxucz0iaHR0cDovL3d3dy53My5vcmcvMjAwMC9zdmciPjwvc3ZnPg==\" style=\"--smush-placeholder-width: 768px; --smush-placeholder-aspect-ratio: 768\/960;\" data-smush-webp-fallback=\"{&quot;data-src&quot;:&quot;https:\\\/\\\/brenneroutlet.com\\\/wp-content\\\/uploads\\\/2025\\\/07\\\/back-to-school-768x960.jpg&quot;,&quot;data-srcset&quot;:&quot;https:\\\/\\\/brenneroutlet.com\\\/wp-content\\\/uploads\\\/2025\\\/07\\\/back-to-school-768x960.jpg 768w, https:\\\/\\\/brenneroutlet.com\\\/wp-content\\\/uploads\\\/2025\\\/07\\\/back-to-school-240x300.jpg 240w, https:\\\/\\\/brenneroutlet.com\\\/wp-content\\\/uploads\\\/2025\\\/07\\\/back-to-school-819x1024.jpg 819w, https:\\\/\\\/brenneroutlet.com\\\/wp-content\\\/uploads\\\/2025\\\/07\\\/back-to-school.jpg 1200w&quot;}\" \/>            <\/a>\r\n        <\/div>\r\n\t\t\r\n            <div class=\"content\">\r\n\t\t\t\t        <ul class=\"wcf-meta\">\r\n\t\t\t        <li>\r\n\t\t<span>\r\n\t\t\t20. August 2025\t\t<\/span>\r\n        <\/li>\r\n\t\t        <\/ul>\r\n\t\t        <h3 class=\"title\">\r\n        <a href=\"https:\/\/brenneroutlet.com\/de\/back-to-school-bereit-fuer-den-neustart\/\">\r\n\t\t\t<span class=\"highlight\"><\/span> Back to School: bereit f\u00fcr den Neustart!        <\/a>\r\n        <\/h3>\r\n\t\t        <div class=\"desc\">\r\n\t\t\t<p>Die Schule beginnt bald wieder \u2013 im Brenner Outlet findest du alles, was Kinder und Jugendliche f\u00fcr den Start brauchen. Der August neigt sich dem Ende zu, und der Schulanfang        <\/div>\r\n\t\t\r\n        <a class=\"link left\"\r\n           href=\"https:\/\/brenneroutlet.com\/de\/back-to-school-bereit-fuer-den-neustart\/\"\r\n           tabindex=\"-1\">\r\n            <span class=\"screen-reader-text\">Read more about Back to School: bereit f\u00fcr den Neustart!<\/span>\r\n\t\t\t\t\t\tMehr erfahren        <\/a>\r\n\t\t            <\/div>\r\n        <\/article>\r\n\t\t        <article class=\"wcf-post post-16350 post type-post status-publish format-standard has-post-thumbnail hentry category-werbeaktionen\">\r\n\t\t\t        <div class=\"thumb\">\r\n            <a href=\"https:\/\/brenneroutlet.com\/de\/end-of-summer-special-angebote-bis-zum-18-august\/\" aria-label=\"End of SUMMER SPECIAL im Brenner Outlet\">\r\n\t\t\t\t<img decoding=\"async\" width=\"768\" height=\"960\" data-src=\"https:\/\/brenneroutlet.com\/wp-content\/smush-webp\/2025\/07\/bo-template-post-2-768x960.jpg.webp\" class=\"attachment-medium_large size-medium_large wp-image-16348 lazyload\" alt=\"\" data-srcset=\"https:\/\/brenneroutlet.com\/wp-content\/smush-webp\/2025\/07\/bo-template-post-2-768x960.jpg.webp 768w, https:\/\/brenneroutlet.com\/wp-content\/smush-webp\/2025\/07\/bo-template-post-2-240x300.jpg.webp 240w, https:\/\/brenneroutlet.com\/wp-content\/smush-webp\/2025\/07\/bo-template-post-2-819x1024.jpg.webp 819w, https:\/\/brenneroutlet.com\/wp-content\/smush-webp\/2025\/07\/bo-template-post-2-1229x1536.jpg.webp 1229w, https:\/\/brenneroutlet.com\/wp-content\/smush-webp\/2025\/07\/bo-template-post-2.jpg.webp 1600w\" data-sizes=\"(max-width: 768px) 100vw, 768px\" src=\"data:image\/svg+xml;base64,PHN2ZyB3aWR0aD0iMSIgaGVpZ2h0PSIxIiB4bWxucz0iaHR0cDovL3d3dy53My5vcmcvMjAwMC9zdmciPjwvc3ZnPg==\" style=\"--smush-placeholder-width: 768px; --smush-placeholder-aspect-ratio: 768\/960;\" data-smush-webp-fallback=\"{&quot;data-src&quot;:&quot;https:\\\/\\\/brenneroutlet.com\\\/wp-content\\\/uploads\\\/2025\\\/07\\\/bo-template-post-2-768x960.jpg&quot;,&quot;data-srcset&quot;:&quot;https:\\\/\\\/brenneroutlet.com\\\/wp-content\\\/uploads\\\/2025\\\/07\\\/bo-template-post-2-768x960.jpg 768w, https:\\\/\\\/brenneroutlet.com\\\/wp-content\\\/uploads\\\/2025\\\/07\\\/bo-template-post-2-240x300.jpg 240w, https:\\\/\\\/brenneroutlet.com\\\/wp-content\\\/uploads\\\/2025\\\/07\\\/bo-template-post-2-819x1024.jpg 819w, https:\\\/\\\/brenneroutlet.com\\\/wp-content\\\/uploads\\\/2025\\\/07\\\/bo-template-post-2-1229x1536.jpg 1229w, https:\\\/\\\/brenneroutlet.com\\\/wp-content\\\/uploads\\\/2025\\\/07\\\/bo-template-post-2.jpg 1600w&quot;}\" \/>            <\/a>\r\n        <\/div>\r\n\t\t\r\n            <div class=\"content\">\r\n\t\t\t\t        <ul class=\"wcf-meta\">\r\n\t\t\t        <li>\r\n\t\t<span>\r\n\t\t\t13. August 2025\t\t<\/span>\r\n        <\/li>\r\n\t\t        <\/ul>\r\n\t\t        <h3 class=\"title\">\r\n        <a href=\"https:\/\/brenneroutlet.com\/de\/end-of-summer-special-angebote-bis-zum-18-august\/\">\r\n\t\t\t<span class=\"highlight\"><\/span> End of SUMMER SPECIAL im Brenner Outlet        <\/a>\r\n        <\/h3>\r\n\t\t        <div class=\"desc\">\r\n\t\t\t<p>Unsere Sommerangebote gehen in Verl\u00e4ngerung. End of SUMMER SPECIAL bis Montag 18.08.2025. Entdecke stark reduzierte Outletpreise bei deinen Lieblingsmarken mit einer vielf\u00e4ltiger Auswahl an tollen Angeboten auf die Fr\u00fchjahr\/Sommerkollektion. &nbsp;        <\/div>\r\n\t\t\r\n        <a class=\"link left\"\r\n           href=\"https:\/\/brenneroutlet.com\/de\/end-of-summer-special-angebote-bis-zum-18-august\/\"\r\n           tabindex=\"-1\">\r\n            <span class=\"screen-reader-text\">Read more about End of SUMMER SPECIAL im Brenner Outlet<\/span>\r\n\t\t\t\t\t\tMehr erfahren        <\/a>\r\n\t\t            <\/div>\r\n        <\/article>\r\n\t\t<\/div>            <nav class=\"post-pagination style-1\"                    aria-label=\"Pagination\">\r\n\t\t\t\t<span aria-current=\"page\" class=\"page-numbers current\"><span class=\"elementor-screen-only\">Page<\/span>1<\/span>\n<a class=\"page-numbers\" href=\"https:\/\/brenneroutlet.com\/de\/wp-json\/wp\/v2\/pages\/12781\/page\/2\/\"><span class=\"elementor-screen-only\">Page<\/span>2<\/a>\n<a class=\"page-numbers\" href=\"https:\/\/brenneroutlet.com\/de\/wp-json\/wp\/v2\/pages\/12781\/page\/3\/\"><span class=\"elementor-screen-only\">Page<\/span>3<\/a>\n<a class=\"next page-numbers\" href=\"https:\/\/brenneroutlet.com\/de\/wp-json\/wp\/v2\/pages\/12781\/page\/2\/\">next <\/a>            <\/nav>\r\n\t\t\t<\/div>\t\t\t\t<\/div>\n\t\t\t\t<\/div>\n\t\t\t\t<div class=\"elementor-element elementor-element-d923e99 elementor-widget elementor-widget-spacer\" data-id=\"d923e99\" data-element_type=\"widget\" data-settings=\"{&quot;wcf-animation&quot;:&quot;none&quot;}\" data-widget_type=\"spacer.default\">\n\t\t\t\t<div class=\"elementor-widget-container\">\n\t\t\t\t\t\t\t<div class=\"elementor-spacer\">\n\t\t\t<div class=\"elementor-spacer-inner\"><\/div>\n\t\t<\/div>\n\t\t\t\t\t\t<\/div>\n\t\t\t\t<\/div>\n\t\t\t\t\t<\/div>\n\t\t\t\t<\/div>\n\t\t\t\t<\/div>\n\t\t","protected":false},"excerpt":{"rendered":"<p>News. Im Brenner Outlet wird Shopping zu einem einzigartigen Erlebnis \u2013 mit neuen Kollektionen, unvergesslichen Momenten und Services, die auf deinen Komfort abgestimmt sind. Bleib \u00fcber alle Neuigkeiten informiert, entdecke exklusive Events und lass dich von den neuesten saisonalen Highlights inspirieren. 20 Agosto 2025 Back to School: bereit f\u00fcr den Neustart! Die Schule beginnt bald [&hellip;]<\/p>\n","protected":false},"author":1,"featured_media":0,"parent":0,"menu_order":0,"comment_status":"closed","ping_status":"closed","template":"","meta":{"_acf_changed":false,"footnotes":""},"class_list":["post-12781","page","type-page","status-publish","hentry"],"acf":[],"publishpress_future_action":{"enabled":false,"date":"2026-05-08 03:54:21","action":"change-status","newStatus":"draft","terms":[],"taxonomy":"translation_priority"},"publishpress_future_workflow_manual_trigger":{"enabledWorkflows":[]},"_links":{"self":[{"href":"https:\/\/brenneroutlet.com\/de\/wp-json\/wp\/v2\/pages\/12781","targetHints":{"allow":["GET"]}}],"collection":[{"href":"https:\/\/brenneroutlet.com\/de\/wp-json\/wp\/v2\/pages"}],"about":[{"href":"https:\/\/brenneroutlet.com\/de\/wp-json\/wp\/v2\/types\/page"}],"author":[{"embeddable":true,"href":"https:\/\/brenneroutlet.com\/de\/wp-json\/wp\/v2\/users\/1"}],"replies":[{"embeddable":true,"href":"https:\/\/brenneroutlet.com\/de\/wp-json\/wp\/v2\/comments?post=12781"}],"version-history":[{"count":7,"href":"https:\/\/brenneroutlet.com\/de\/wp-json\/wp\/v2\/pages\/12781\/revisions"}],"predecessor-version":[{"id":16599,"href":"https:\/\/brenneroutlet.com\/de\/wp-json\/wp\/v2\/pages\/12781\/revisions\/16599"}],"wp:attachment":[{"href":"https:\/\/brenneroutlet.com\/de\/wp-json\/wp\/v2\/media?parent=12781"}],"curies":[{"name":"wp","href":"https:\/\/api.w.org\/{rel}","templated":true}]}}